{"id":1375,"date":"2022-05-10T05:17:49","date_gmt":"2022-05-10T03:17:49","guid":{"rendered":"https:\/\/lfiduras.com\/?page_id=1375"},"modified":"2025-04-10T14:52:50","modified_gmt":"2025-04-10T07:52:50","slug":"clubs","status":"publish","type":"page","link":"https:\/\/lfiduras.com\/index.php\/clubs\/","title":{"rendered":"Clubs"},"content":{"rendered":"\n<h1 class=\"wp-block-heading\" id=\"chorale\">Club chorale<\/h1>\n\n\n<div class=\"wp-block-image\">\n<figure class=\"aligncenter\"><img decoding=\"async\" src=\"http:\/\/lfiduras.com\/wp-content\/uploads\/2021\/01\/ACFB8-1.jpg\" alt=\"\" class=\"wp-image-9390\"\/><\/figure><\/div>\n\n\n<p>La chorale du secondaire regroupe des \u00e9l\u00e8ves volontaires de la 6\u00e8me \u00e0 la Terminale, et ne cesse de cro\u00eetre depuis 8 ans. Nous avons cette ann\u00e9e une cinquantaine d\u2019\u00e9l\u00e8ves tr\u00e8s motiv\u00e9s qui viennent 2 fois par semaine r\u00e9p\u00e9ter chaque midi, alors qu\u2019ils n\u2019ont que 15 minutes pour manger\u2026Les projets sont depuis 2012 divers et vari\u00e9s, de la cr\u00e9ation de com\u00e9dies musicales \u00e0 la participation de l\u2019Orchestre des lyc\u00e9es fran\u00e7ais du monde\u2026ou bien encore l\u2019Op\u00e9ra-Rock&nbsp; \u201d Starmania\u201d mis en sc\u00e8ne l\u2019ann\u00e9e derni\u00e8re. Cette ann\u00e9e, nous travaillons sur les com\u00e9dies musicales fran\u00e7aises et am\u00e9ricaines c\u00e9l\u00e8bres. De nombreux solistes sont \u00e0 l\u2019honneur, \u00e9l\u00e8ves qui se r\u00e9v\u00e8lent au fil des ann\u00e9es gr\u00e2ce \u00e0 un travail de longue haleine. Plusieurs concerts ont lieu dans l\u2019ann\u00e9e, souvent avec des musiciens confirm\u00e9s qu\u2019ils soient amateurs ou professionnels.<\/p>\n\n\n\n<hr class=\"wp-block-separator has-css-opacity\"\/>\n\n\n\n<h1 class=\"wp-block-heading\" id=\"EDD\">Club EDD<\/h1>\n\n\n<div class=\"wp-block-image\">\n<figure class=\"alignright is-resized\"><img decoding=\"async\" src=\"http:\/\/lfiduras.com\/wp-content\/uploads\/2020\/09\/EDD2020-1024x768.jpg\" alt=\"\" style=\"width:455px;height:341px\"\/><\/figure><\/div>\n\n\n<p>Le club EDD (\u00c9ducation au D\u00e9veloppement Durable) est ouvert aux \u00e9l\u00e8ves de CM2 jusqu\u2019en <\/p>\n\n\n\n<p>1\u00e8re, ce club dynamique organise diff\u00e9rentes activit\u00e9s et participe \u00e0 de multiples manifestations tout au long de l\u2019ann\u00e9e.<\/p>\n\n\n\n<p>Cette ann\u00e9e Tara Oc\u00e9an(*) lance un appel aux \u00e9l\u00e8ves du Lfiduras pour devenir des \u00ab&nbsp;graines reporters&nbsp;\u00bb, en r\u00e9alisant des vid\u00e9os de 3 mn sur le th\u00e8me de l\u2019oc\u00e9an, et plus particuli\u00e8rement du plancton.<\/p>\n\n\n\n<p>*(La Fondation&nbsp;<em><strong>Tara Oc\u00e9an<\/strong><\/em>&nbsp;d\u00e9veloppe une science innovante et de haut niveau sur l\u2019\u00e9cosyst\u00e8me marin pour comprendre cet \u00e9cosyst\u00e8me vital<\/p>\n\n\n\n<p><a href=\"https:\/\/oceans.taraexpeditions.org\/).\">https:\/\/oceans.taraexpeditions.org\/).<\/a><\/p>\n\n\n\n<p><\/p>\n\n\n\n<p><\/p>\n\n\n\n<p><\/p>\n\n\n\n<hr class=\"wp-block-separator has-css-opacity\"\/>\n\n\n\n<h1 class=\"wp-block-heading\" id=\"echecs\">Club echecs<\/h1>\n\n\n<div class=\"wp-block-image\">\n<figure class=\"alignright\"><img decoding=\"async\" src=\"http:\/\/lfiduras.com\/wp-content\/uploads\/2022\/03\/C7Site.jpg\" alt=\"\"\/><\/figure><\/div>\n\n\n<p>Belle ouverture pour ce premier tournoi du club d\u2019\u00e9checs au LFI Duras !Nous vous attendons <\/p>\n\n\n\n<p>nombreuses et nombreux tous les mercredis, \u00e0 partir de 12h20 en salle 107, pour \u00e9changer \u201cnos coups\u201d.<\/p>\n\n\n\n<p>Ouvert \u00e0 tous, aux d\u00e9butants comme aux initi\u00e9s, il s\u2019agit d\u2019apprendre \u00e0 jouer pour certains, \u00e0 se perfectionner pour d\u2019autres, mais aussi de participer \u00e0 des tournois.<\/p>\n\n\n\n<p>Chaque s\u00e9ance se divise en 2 parties, une premi\u00e8re p\u00e9dagogique et une 2nd d\u00e9di\u00e9e au jeu avec un partenaire.<br>Une vingtaine de participants ont d\u00e9j\u00e0 r\u00e9pondu pr\u00e9sent.<\/p>\n\n\n\n<figure class=\"wp-block-gallery has-nested-images columns-default is-cropped wp-block-gallery-1 is-layout-flex wp-block-gallery-is-layout-flex\">\n<figure class=\"wp-block-image size-medium\"><img fetchpriority=\"high\" decoding=\"async\" width=\"300\" height=\"225\" data-id=\"3054\" src=\"https:\/\/lfiduras.com\/lfiduras\/wp-content\/uploads\/2022\/12\/FbIMG_20220921_124636-300x225.jpg\" alt=\"\" class=\"wp-image-3054\" srcset=\"https:\/\/lfiduras.com\/lfiduras\/wp-content\/uploads\/2022\/12\/FbIMG_20220921_124636-300x225.jpg 300w, https:\/\/lfiduras.com\/lfiduras\/wp-content\/uploads\/2022\/12\/FbIMG_20220921_124636-1024x768.jpg 1024w, https:\/\/lfiduras.com\/lfiduras\/wp-content\/uploads\/2022\/12\/FbIMG_20220921_124636-768x576.jpg 768w, https:\/\/lfiduras.com\/lfiduras\/wp-content\/uploads\/2022\/12\/FbIMG_20220921_124636.jpg 1080w\" sizes=\"(max-width: 300px) 100vw, 300px\" \/><\/figure>\n<\/figure>\n\n\n\n<p><\/p>\n\n\n\n<hr class=\"wp-block-separator has-alpha-channel-opacity\"\/>\n\n\n\n<h1 class=\"wp-block-heading\" id=\"Mun\">Club MUN<\/h1>\n\n\n\n<p>Cette ann\u00e9e Berenice (TLE) and Seo Yeon (1e) ont pris en charge le club MUN du LfiDuras  (Mod\u00e8le des Nations Unies). <br>Ce club est une simulation du conseil de s\u00e9curit\u00e9 de l\u2019ONU, avec les pays repr\u00e9sent\u00e9s par des \u00e9l\u00e8ves qui doivent \u00e9crire des r\u00e9solutions et nouer des alliances. Tout cela en anglais \u00e9videmment.<\/p>\n\n\n\n<p>Cette ann\u00e9e, ils ont notamment particip\u00e9 \u00e0 la conf\u00e9rence MUN organis\u00e9e \u00e0 Phnom Penh.<\/p>\n\n\n\n<p>Ce club est ouvert aux \u00e9l\u00e8ves \u00e0 partir de la classe de 4\u00e8me.<\/p>\n\n\n\n<hr class=\"wp-block-separator has-css-opacity\"\/>\n\n\n\n<p><\/p>\n","protected":false},"excerpt":{"rendered":"<p>Club chorale La chorale du secondaire regroupe des \u00e9l\u00e8ves volontaires de la 6\u00e8me \u00e0 la Terminale, et ne cesse de cro\u00eetre depuis 8 ans. Nous avons cette ann\u00e9e une cinquantaine d\u2019\u00e9l\u00e8ves tr\u00e8s motiv\u00e9s qui viennent 2 fois par semaine r\u00e9p\u00e9ter chaque midi, alors qu\u2019ils n\u2019ont que 15 minutes pour manger\u2026Les projets sont depuis 2012 divers [&hellip;]<\/p>\n","protected":false},"author":2,"featured_media":0,"parent":0,"menu_order":0,"comment_status":"closed","ping_status":"closed","template":"","meta":{"footnotes":""},"class_list":["post-1375","page","type-page","status-publish","hentry","post"],"_links":{"self":[{"href":"https:\/\/lfiduras.com\/index.php\/wp-json\/wp\/v2\/pages\/1375","targetHints":{"allow":["GET"]}}],"collection":[{"href":"https:\/\/lfiduras.com\/index.php\/wp-json\/wp\/v2\/pages"}],"about":[{"href":"https:\/\/lfiduras.com\/index.php\/wp-json\/wp\/v2\/types\/page"}],"author":[{"embeddable":true,"href":"https:\/\/lfiduras.com\/index.php\/wp-json\/wp\/v2\/users\/2"}],"replies":[{"embeddable":true,"href":"https:\/\/lfiduras.com\/index.php\/wp-json\/wp\/v2\/comments?post=1375"}],"version-history":[{"count":17,"href":"https:\/\/lfiduras.com\/index.php\/wp-json\/wp\/v2\/pages\/1375\/revisions"}],"predecessor-version":[{"id":8191,"href":"https:\/\/lfiduras.com\/index.php\/wp-json\/wp\/v2\/pages\/1375\/revisions\/8191"}],"wp:attachment":[{"href":"https:\/\/lfiduras.com\/index.php\/wp-json\/wp\/v2\/media?parent=1375"}],"curies":[{"name":"wp","href":"https:\/\/api.w.org\/{rel}","templated":true}]}}